{"id":34257,"date":"2025-07-27T17:37:30","date_gmt":"2025-07-27T21:37:30","guid":{"rendered":"https:\/\/foundation.canadasoccer.com\/?page_id=34257"},"modified":"2025-12-18T10:30:59","modified_gmt":"2025-12-18T15:30:59","slug":"about","status":"publish","type":"page","link":"https:\/\/foundation.canadasoccer.com\/fr\/about\/","title":{"rendered":"About"},"content":{"rendered":"<div data-elementor-type=\"wp-page\" data-elementor-id=\"34257\" class=\"elementor elementor-34257\">\n\t\t\t\t\t\t<section class=\"elementor-section elementor-top-section elementor-element elementor-element-f96404f elementor-section-full_width elementor-section-height-min-height elementor-section-stretched elementor-hidden-mobile elementor-section-height-default elementor-section-items-middle wpr-particle-no wpr-jarallax-no wpr-parallax-no wpr-sticky-section-no elementor-invisible\" data-id=\"f96404f\" data-element_type=\"section\" data-settings=\"{&quot;stretch_section&quot;:&quot;section-stretched&quot;,&quot;background_background&quot;:&quot;slideshow&quot;,&quot;background_slideshow_gallery&quot;:[{&quot;id&quot;:34262,&quot;url&quot;:&quot;https:\\\/\\\/test-foundation-site.pantheonsite.io\\\/wp-content\\\/uploads\\\/2025\\\/07\\\/foundation-banner-leaders.jpg&quot;}],&quot;animation&quot;:&quot;fadeIn&quot;,&quot;animation_delay&quot;:50,&quot;background_slideshow_slide_duration&quot;:5,&quot;background_slideshow_transition_duration&quot;:100,&quot;background_slideshow_slide_transition&quot;:&quot;fade&quot;}\">\n\t\t\t\t\t\t<div class=\"elementor-container elementor-column-gap-no\">\n\t\t\t\t\t<div class=\"elementor-column elementor-col-100 elementor-top-column elementor-element elementor-element-26158df\" data-id=\"26158df\" data-element_type=\"column\">\n\t\t\t<div class=\"elementor-widget-wrap elementor-element-populated\">\n\t\t\t\t\t\t<div class=\"elementor-element elementor-element-83ec844 elementor-hidden-desktop elementor-hidden-tablet elementor-hidden-mobile elementor-invisible elementor-widget elementor-widget-heading\" data-id=\"83ec844\" data-element_type=\"widget\" data-settings=\"{&quot;_animation&quot;:&quot;fadeInDown&quot;}\" data-widget_type=\"heading.default\">\n\t\t\t\t<div class=\"elementor-widget-container\">\n\t\t\t\t\t<h1 class=\"elementor-heading-title elementor-size-default\">\u00c0 PROPOS<\/h1>\t\t\t\t<\/div>\n\t\t\t\t<\/div>\n\t\t\t\t\t<\/div>\n\t\t<\/div>\n\t\t\t\t\t<\/div>\n\t\t<\/section>\n\t\t\t\t<section class=\"elementor-section elementor-top-section elementor-element elementor-element-02ba6c4 elementor-section-boxed elementor-section-height-default elementor-section-height-default wpr-particle-no wpr-jarallax-no wpr-parallax-no wpr-sticky-section-no\" data-id=\"02ba6c4\" data-element_type=\"section\">\n\t\t\t\t\t\t<div class=\"elementor-container elementor-column-gap-default\">\n\t\t\t\t\t<div class=\"elementor-column elementor-col-100 elementor-top-column elementor-element elementor-element-4864c79\" data-id=\"4864c79\" data-element_type=\"column\">\n\t\t\t<div class=\"elementor-widget-wrap elementor-element-populated\">\n\t\t\t\t\t\t<div class=\"elementor-element elementor-element-21b35b2 elementor-widget elementor-widget-heading\" data-id=\"21b35b2\" data-element_type=\"widget\" data-widget_type=\"heading.default\">\n\t\t\t\t<div class=\"elementor-widget-container\">\n\t\t\t\t\t<h1 class=\"elementor-heading-title elementor-size-default\">\u00c0 PROPOS DE NOUS<\/h1>\t\t\t\t<\/div>\n\t\t\t\t<\/div>\n\t\t\t\t<div class=\"elementor-element elementor-element-56b9bb6 elementor-widget elementor-widget-text-editor\" data-id=\"56b9bb6\" data-element_type=\"widget\" data-widget_type=\"text-editor.default\">\n\t\t\t\t<div class=\"elementor-widget-container\">\n\t\t\t\t\t\t\t\t\t<p>La Fondation Canada Soccer est un organisme fiduciaire qui est juridiquement s\u00e9par\u00e9 et distinct de Canada Soccer et est incorpor\u00e9 conform\u00e9ment \u00e0 la Loi sur les soci\u00e9t\u00e9s de la Colombie-Britannique (Societies Act of British Columbia). L\u2019objectif principal de la Fondation est d\u2019appuyer les efforts de Canada Soccer dans la promotion de la croissance et du d\u00e9veloppement du soccer au Canada. L\u2019objectif, le moment et les dons vers\u00e9s annuellement \u00e0 Canada Soccer par la Fondation sont \u00e0 la discr\u00e9tion du conseil d\u2019administration de la Fondation.<\/p><p>La Fondation Canada Soccer est d\u00e9di\u00e9e \u00e0 la croissance du sport et \u00e0 la cr\u00e9ation de possibilit\u00e9s \npour tous les Canadiens afin qu\u2019ils exp\u00e9rimentent \nla puissance du soccer. De l\u2019appui \u00e0 nos \u00e9quipes nationales sur la sc\u00e8ne internationale \u00e0\nl\u2019abaissement d\u2019obstacles au niveau de base, nous\ninvestissons dans des secteurs qui inspirent,\nd\u00e9veloppent et unissent les communaut\u00e9s de\npartout au pays. Ensemble avec nos partenaires et\nnos supporters, nous b\u00e2tissons un avenir plus\nsolide pour le soccer au Canada, un(e)\njoueur(euse), un(e) entra\u00eeneur(e) et un(e)\npartisan(e) \u00e0 la fois.<\/p>\t\t\t\t\t\t\t\t<\/div>\n\t\t\t\t<\/div>\n\t\t\t\t\t<\/div>\n\t\t<\/div>\n\t\t\t\t\t<\/div>\n\t\t<\/section>\n\t\t\t\t<section class=\"elementor-section elementor-top-section elementor-element elementor-element-7443a33 elementor-section-boxed elementor-section-height-default elementor-section-height-default wpr-particle-no wpr-jarallax-no wpr-parallax-no wpr-sticky-section-no\" data-id=\"7443a33\" data-element_type=\"section\" data-settings=\"{&quot;background_background&quot;:&quot;classic&quot;}\">\n\t\t\t\t\t\t<div class=\"elementor-container elementor-column-gap-wider\">\n\t\t\t\t\t<div class=\"elementor-column elementor-col-100 elementor-top-column elementor-element elementor-element-7ab7b11\" data-id=\"7ab7b11\" data-element_type=\"column\">\n\t\t\t<div class=\"elementor-widget-wrap elementor-element-populated\">\n\t\t\t\t\t\t<div class=\"elementor-element elementor-element-5ff8b3d elementor-widget elementor-widget-text-editor\" data-id=\"5ff8b3d\" data-element_type=\"widget\" data-widget_type=\"text-editor.default\">\n\t\t\t\t<div class=\"elementor-widget-container\">\n\t\t\t\t\t\t\t\t\t<p style=\"margin-top: 0;\">Nous sommes ravis de pr\u00e9senter le conseil\nd\u2019administration de la Fondation Canada Soccer,\ndont les membres offrent un leadership, des\nperspectives et un engagement commun \u00e0 faire\ncro\u00eetre le sport au Canada.<\/p>\t\t\t\t\t\t\t\t<\/div>\n\t\t\t\t<\/div>\n\t\t\t\t\t<\/div>\n\t\t<\/div>\n\t\t\t\t\t<\/div>\n\t\t<\/section>\n\t\t\t\t<section class=\"elementor-section elementor-top-section elementor-element elementor-element-966e157 elementor-section-boxed elementor-section-height-default elementor-section-height-default wpr-particle-no wpr-jarallax-no wpr-parallax-no wpr-sticky-section-no\" data-id=\"966e157\" data-element_type=\"section\" data-settings=\"{&quot;background_background&quot;:&quot;classic&quot;}\">\n\t\t\t\t\t\t<div class=\"elementor-container elementor-column-gap-wider\">\n\t\t\t\t\t<div class=\"elementor-column elementor-col-33 elementor-top-column elementor-element elementor-element-37e358b\" data-id=\"37e358b\" data-element_type=\"column\">\n\t\t\t<div class=\"elementor-widget-wrap elementor-element-populated\">\n\t\t\t\t\t\t<div class=\"elementor-element elementor-element-d40902b elementor-widget elementor-widget-text-editor\" data-id=\"d40902b\" data-element_type=\"widget\" data-widget_type=\"text-editor.default\">\n\t\t\t\t<div class=\"elementor-widget-container\">\n\t\t\t\t\t\t\t\t\t<p><strong><a href=\"#montalbano\">John Montalbano, Pr\u00e9sident<\/a><br \/><a href=\"#gilchrist\">Craig Gilchrist, Vice-pr\u00e9sident<\/a><\/strong><\/p>\t\t\t\t\t\t\t\t<\/div>\n\t\t\t\t<\/div>\n\t\t\t\t\t<\/div>\n\t\t<\/div>\n\t\t\t\t<div class=\"elementor-column elementor-col-33 elementor-top-column elementor-element elementor-element-51e4a80\" data-id=\"51e4a80\" data-element_type=\"column\">\n\t\t\t<div class=\"elementor-widget-wrap elementor-element-populated\">\n\t\t\t\t\t\t<div class=\"elementor-element elementor-element-d985b07 elementor-widget elementor-widget-text-editor\" data-id=\"d985b07\" data-element_type=\"widget\" data-widget_type=\"text-editor.default\">\n\t\t\t\t<div class=\"elementor-widget-container\">\n\t\t\t\t\t\t\t\t\t<p><a href=\"#mccreath\"><span data-contrast=\"auto\">Andy McCreath<\/span><\/a><span data-ccp-props=\"{}\"> <br \/><\/span><a href=\"#lowther\"><span data-contrast=\"auto\">Blair Lowther\u00a0<\/span><\/a><span data-ccp-props=\"{}\"> <br \/><\/span><span data-contrast=\"auto\"><a href=\"#lenarduzzi\">Bob Lenarduzzi<\/a>\u00a0<br \/><a href=\"#guzman\">Doug Guzman<\/a><\/span><\/p>\t\t\t\t\t\t\t\t<\/div>\n\t\t\t\t<\/div>\n\t\t\t\t\t<\/div>\n\t\t<\/div>\n\t\t\t\t<div class=\"elementor-column elementor-col-33 elementor-top-column elementor-element elementor-element-8e4592f\" data-id=\"8e4592f\" data-element_type=\"column\">\n\t\t\t<div class=\"elementor-widget-wrap elementor-element-populated\">\n\t\t\t\t\t\t<div class=\"elementor-element elementor-element-789a11d elementor-widget elementor-widget-text-editor\" data-id=\"789a11d\" data-element_type=\"widget\" data-widget_type=\"text-editor.default\">\n\t\t\t\t<div class=\"elementor-widget-container\">\n\t\t\t\t\t\t\t\t\t<p><span data-contrast=\"auto\"><a href=\"#jordan\">Sarah Jordan<\/a>\u00a0<\/span><span data-ccp-props=\"{}\"> <br \/><\/span><a href=\"#boro\"><span data-contrast=\"auto\">Seth Boro <\/span><\/a><span data-ccp-props=\"{}\">\u00a0<br \/><a href=\"#larsen\">Tara Larsen<\/a><br \/><\/span><\/p>\t\t\t\t\t\t\t\t<\/div>\n\t\t\t\t<\/div>\n\t\t\t\t\t<\/div>\n\t\t<\/div>\n\t\t\t\t\t<\/div>\n\t\t<\/section>\n\t\t\t\t<section class=\"elementor-section elementor-top-section elementor-element elementor-element-09049b6 elementor-section-boxed elementor-section-height-default elementor-section-height-default wpr-particle-no wpr-jarallax-no wpr-parallax-no wpr-sticky-section-no\" data-id=\"09049b6\" data-element_type=\"section\" data-settings=\"{&quot;background_background&quot;:&quot;classic&quot;}\">\n\t\t\t\t\t\t<div class=\"elementor-container elementor-column-gap-wider\">\n\t\t\t\t\t<div class=\"elementor-column elementor-col-50 elementor-top-column elementor-element elementor-element-bc17d34\" data-id=\"bc17d34\" data-element_type=\"column\">\n\t\t\t<div class=\"elementor-widget-wrap elementor-element-populated\">\n\t\t\t\t\t\t<div class=\"elementor-element elementor-element-2d2a4b5 elementor-widget elementor-widget-image\" data-id=\"2d2a4b5\" data-element_type=\"widget\" data-widget_type=\"image.default\">\n\t\t\t\t<div class=\"elementor-widget-container\">\n\t\t\t\t\t\t\t\t\t\t\t\t\t\t\t<img fetchpriority=\"high\" decoding=\"async\" width=\"707\" height=\"769\" src=\"https:\/\/foundation.canadasoccer.com\/wp-content\/uploads\/2025\/09\/John-2.jpg\" class=\"attachment-large size-large wp-image-34338\" alt=\"\" srcset=\"https:\/\/foundation.canadasoccer.com\/wp-content\/uploads\/2025\/09\/John-2.jpg 707w, https:\/\/foundation.canadasoccer.com\/wp-content\/uploads\/2025\/09\/John-2-276x300.jpg 276w, https:\/\/foundation.canadasoccer.com\/wp-content\/uploads\/2025\/09\/John-2-11x12.jpg 11w\" sizes=\"(max-width: 707px) 100vw, 707px\" \/>\t\t\t\t\t\t\t\t\t\t\t\t\t\t\t<\/div>\n\t\t\t\t<\/div>\n\t\t\t\t\t<\/div>\n\t\t<\/div>\n\t\t\t\t<div class=\"elementor-column elementor-col-50 elementor-top-column elementor-element elementor-element-3fa633f\" data-id=\"3fa633f\" data-element_type=\"column\">\n\t\t\t<div class=\"elementor-widget-wrap elementor-element-populated\">\n\t\t\t\t\t\t<div class=\"elementor-element elementor-element-c036ade elementor-widget elementor-widget-text-editor\" data-id=\"c036ade\" data-element_type=\"widget\" id=\"montalbano\" data-widget_type=\"text-editor.default\">\n\t\t\t\t<div class=\"elementor-widget-container\">\n\t\t\t\t\t\t\t\t\t<h3>John Montalbano, Pr\u00e9sident<\/h3>\t\t\t\t\t\t\t\t<\/div>\n\t\t\t\t<\/div>\n\t\t\t\t<div class=\"elementor-element elementor-element-cf0f47f elementor-widget elementor-widget-text-editor\" data-id=\"cf0f47f\" data-element_type=\"widget\" data-widget_type=\"text-editor.default\">\n\t\t\t\t<div class=\"elementor-widget-container\">\n\t\t\t\t\t\t\t\t\t<p>John est l'ancien PDG de RBC Global Asset Management, qui g\u00e9rait 370 milliards de dollars d'actifs, ce qui la pla\u00e7ait parmi les 50 plus grands gestionnaires d'actifs au monde. John est administrateur et pr\u00e9sident du comit\u00e9 d'audit de l'Office d'investissement du r\u00e9gime de pensions du Canada, d'AbCellera Inc. (NASDAQ) et d'Eupraxia Pharmaceuticals (TSX). Il est \u00e9galement administrateur de Manuvie et pr\u00e9sident de White Crane Capital, un fonds sp\u00e9culatif bas\u00e9 \u00e0 Vancouver.<\/p><p>John a \u00e9t\u00e9 pr\u00e9sident des organisations suivantes : le conseil d'administration de l'Universit\u00e9 de la Colombie-Britannique, la campagne de financement de la biblioth\u00e8que publique de Vancouver, la fondation de l'h\u00f4pital St. Paul's et la fondation de la police de Vancouver. John est cofondateur de la Take a Hike Youth at Risk Foundation et occupe les fonctions de directeur chez Windmill Microlending, la Rideau Hall Foundation et la Canada Soccer Foundation.<\/p><p>John est analyste financier agr\u00e9\u00e9 et titulaire d'un baccalaur\u00e9at en commerce avec mention de l'Universit\u00e9 de Colombie-Britannique. Il est \u00e9galement titulaire d'un doctorat honorifique en lettres de l'Universit\u00e9 d'art et de design Emily Carr.<\/p>\t\t\t\t\t\t\t\t<\/div>\n\t\t\t\t<\/div>\n\t\t\t\t\t<\/div>\n\t\t<\/div>\n\t\t\t\t\t<\/div>\n\t\t<\/section>\n\t\t\t\t<section class=\"elementor-section elementor-top-section elementor-element elementor-element-2ba4d17 elementor-section-boxed elementor-section-height-default elementor-section-height-default wpr-particle-no wpr-jarallax-no wpr-parallax-no wpr-sticky-section-no\" data-id=\"2ba4d17\" data-element_type=\"section\" data-settings=\"{&quot;background_background&quot;:&quot;classic&quot;}\">\n\t\t\t\t\t\t<div class=\"elementor-container elementor-column-gap-wider\">\n\t\t\t\t\t<div class=\"elementor-column elementor-col-50 elementor-top-column elementor-element elementor-element-f5ba38a\" data-id=\"f5ba38a\" data-element_type=\"column\">\n\t\t\t<div class=\"elementor-widget-wrap elementor-element-populated\">\n\t\t\t\t\t\t<div class=\"elementor-element elementor-element-031c866 elementor-widget elementor-widget-image\" data-id=\"031c866\" data-element_type=\"widget\" data-widget_type=\"image.default\">\n\t\t\t\t<div class=\"elementor-widget-container\">\n\t\t\t\t\t\t\t\t\t\t\t\t\t\t\t<img decoding=\"async\" width=\"707\" height=\"769\" src=\"https:\/\/foundation.canadasoccer.com\/wp-content\/uploads\/2025\/08\/Craig.jpg\" class=\"attachment-large size-large wp-image-34304\" alt=\"\" srcset=\"https:\/\/foundation.canadasoccer.com\/wp-content\/uploads\/2025\/08\/Craig.jpg 707w, https:\/\/foundation.canadasoccer.com\/wp-content\/uploads\/2025\/08\/Craig-276x300.jpg 276w, https:\/\/foundation.canadasoccer.com\/wp-content\/uploads\/2025\/08\/Craig-11x12.jpg 11w\" sizes=\"(max-width: 707px) 100vw, 707px\" \/>\t\t\t\t\t\t\t\t\t\t\t\t\t\t\t<\/div>\n\t\t\t\t<\/div>\n\t\t\t\t\t<\/div>\n\t\t<\/div>\n\t\t\t\t<div class=\"elementor-column elementor-col-50 elementor-top-column elementor-element elementor-element-9e4fd05\" data-id=\"9e4fd05\" data-element_type=\"column\">\n\t\t\t<div class=\"elementor-widget-wrap elementor-element-populated\">\n\t\t\t\t\t\t<div class=\"elementor-element elementor-element-620ae65 elementor-widget elementor-widget-text-editor\" data-id=\"620ae65\" data-element_type=\"widget\" id=\"gilchrist\" data-widget_type=\"text-editor.default\">\n\t\t\t\t<div class=\"elementor-widget-container\">\n\t\t\t\t\t\t\t\t\t<h3>Craig Gilchrist, Vice-pr\u00e9sident<\/h3>\t\t\t\t\t\t\t\t<\/div>\n\t\t\t\t<\/div>\n\t\t\t\t<div class=\"elementor-element elementor-element-0ee4335 elementor-widget elementor-widget-text-editor\" data-id=\"0ee4335\" data-element_type=\"widget\" data-widget_type=\"text-editor.default\">\n\t\t\t\t<div class=\"elementor-widget-container\">\n\t\t\t\t\t\t\t\t\t<p>Craig Gilchrist est vice-pr\u00e9sident du conseil et chef du groupe Global Family Office de la Banque Scotia. M. Gilchrist compte plus de 25 ans d'exp\u00e9rience dans le secteur financier. Il est charg\u00e9 de d\u00e9velopper les relations avec les clients fortun\u00e9s et les family offices \u00e0 l'\u00e9chelle mondiale.<\/p><p>Avant d'occuper son poste actuel, il \u00e9tait chef de ScotiaMcLeod\u00ae, la division de conseil en placement pour les clients fortun\u00e9s de Gestion de patrimoine Scotia. \u00c0 ce titre, il a dirig\u00e9 une \u00e9quipe de plus de 1 800 professionnels \u00e0 travers le Canada, g\u00e9rant plus de 150 milliards de dollars canadiens d'actifs sous administration. Avant de rejoindre ScotiaMcLeod, M. Gilchrist \u00e9tait directeur des investissements chez Scotia Wealth Management\u00ae, o\u00f9 il g\u00e9rait toutes les op\u00e9rations d'investissement, y compris le groupe Global Portfolio Advisory, les solutions d'investissement et la gestion centralis\u00e9e des investissements. Il a \u00e9galement \u00e9t\u00e9 codirecteur des activit\u00e9s mondiales de vente et de n\u00e9gociation d'actions de la Banque Scotia, o\u00f9 il \u00e9tait responsable d'une importante \u00e9quipe de professionnels r\u00e9partis au Canada, aux \u00c9tats-Unis, en Europe et en Asie.<\/p><p>M. Gilchrist est titulaire d'un baccalaur\u00e9at en administration des affaires avec sp\u00e9cialisation (HBA) de la Richard Ivey School of Business de l'Universit\u00e9 Western Ontario. Il a d\u00e9but\u00e9 sa carri\u00e8re au sein des \u00e9quipes de banque d'investissement de Goldman, Sachs &amp; Co. et de Merrill Lynch Canada, o\u00f9 il s'est sp\u00e9cialis\u00e9 dans diverses op\u00e9rations de financement d'entreprises et de fusions-acquisitions.<\/p><p>M. Gilchrist est \u00e9galement membre du conseil d'administration de 1832 Asset Management L.P., Scotia Wealth Insurance Services Inc., ... Il est vice-pr\u00e9sident du conseil d'administration de la Ivey Business School Foundation et membre du conseil consultatif d'Ivey (IAB). Il est \u00e9galement gestionnaire de placements agr\u00e9\u00e9 (CIM\u00ae) et membre de l'Institut des strat\u00e8ges en finances agr\u00e9\u00e9s (FCSI\u00ae). M. Gilchrist est \u00e9galement entra\u00eeneur dipl\u00f4m\u00e9 de niveau C de Canada Soccer et a jou\u00e9 pour l'Universit\u00e9 Western et le Marconi Club \u00e0 London, au Canada.<\/p>\t\t\t\t\t\t\t\t<\/div>\n\t\t\t\t<\/div>\n\t\t\t\t\t<\/div>\n\t\t<\/div>\n\t\t\t\t\t<\/div>\n\t\t<\/section>\n\t\t\t\t<section class=\"elementor-section elementor-top-section elementor-element elementor-element-da42dac elementor-section-boxed elementor-section-height-default elementor-section-height-default wpr-particle-no wpr-jarallax-no wpr-parallax-no wpr-sticky-section-no\" data-id=\"da42dac\" data-element_type=\"section\" data-settings=\"{&quot;background_background&quot;:&quot;classic&quot;}\">\n\t\t\t\t\t\t<div class=\"elementor-container elementor-column-gap-wider\">\n\t\t\t\t\t<div class=\"elementor-column elementor-col-50 elementor-top-column elementor-element elementor-element-84f791f\" data-id=\"84f791f\" data-element_type=\"column\">\n\t\t\t<div class=\"elementor-widget-wrap elementor-element-populated\">\n\t\t\t\t\t\t<div class=\"elementor-element elementor-element-1228f98 elementor-widget elementor-widget-image\" data-id=\"1228f98\" data-element_type=\"widget\" data-widget_type=\"image.default\">\n\t\t\t\t<div class=\"elementor-widget-container\">\n\t\t\t\t\t\t\t\t\t\t\t\t\t\t\t<img decoding=\"async\" width=\"707\" height=\"769\" src=\"https:\/\/foundation.canadasoccer.com\/wp-content\/uploads\/2025\/08\/Andy.jpg\" class=\"attachment-large size-large wp-image-34306\" alt=\"\" srcset=\"https:\/\/foundation.canadasoccer.com\/wp-content\/uploads\/2025\/08\/Andy.jpg 707w, https:\/\/foundation.canadasoccer.com\/wp-content\/uploads\/2025\/08\/Andy-276x300.jpg 276w, https:\/\/foundation.canadasoccer.com\/wp-content\/uploads\/2025\/08\/Andy-11x12.jpg 11w\" sizes=\"(max-width: 707px) 100vw, 707px\" \/>\t\t\t\t\t\t\t\t\t\t\t\t\t\t\t<\/div>\n\t\t\t\t<\/div>\n\t\t\t\t\t<\/div>\n\t\t<\/div>\n\t\t\t\t<div class=\"elementor-column elementor-col-50 elementor-top-column elementor-element elementor-element-8d0d0b8\" data-id=\"8d0d0b8\" data-element_type=\"column\">\n\t\t\t<div class=\"elementor-widget-wrap elementor-element-populated\">\n\t\t\t\t\t\t<div class=\"elementor-element elementor-element-b35f5fd elementor-widget elementor-widget-text-editor\" data-id=\"b35f5fd\" data-element_type=\"widget\" id=\"mccreath\" data-widget_type=\"text-editor.default\">\n\t\t\t\t<div class=\"elementor-widget-container\">\n\t\t\t\t\t\t\t\t\t<h3>Andy McCreath<\/h3>\t\t\t\t\t\t\t\t<\/div>\n\t\t\t\t<\/div>\n\t\t\t\t<div class=\"elementor-element elementor-element-de00e05 elementor-widget elementor-widget-text-editor\" data-id=\"de00e05\" data-element_type=\"widget\" data-widget_type=\"text-editor.default\">\n\t\t\t\t<div class=\"elementor-widget-container\">\n\t\t\t\t\t\t\t\t\t<p>Andy McCreath est pr\u00e9sident de McCreath Capital et associ\u00e9 chez McCreath Holdings. En tant qu'associ\u00e9 chez tinePublic Inc. pendant 20 ans, il a particip\u00e9 \u00e0 l'organisation de grandes tourn\u00e9es de conf\u00e9rences \u00e0 travers le Canada, notamment avec quatre pr\u00e9sidents des \u00c9tats-Unis (George W. Bush, George H.W. Bush, Bill Clinton, Barack Obama), le Premier ministre britannique Tony Blair, Oprah Winfrey, Ellen DeGeneres, Michelle Obama, Hillary Clinton, Stephen Hawking et bien d'autres encore. Il a \u00e9t\u00e9 l'un des copr\u00e9sidents nationaux des Jeux Invictus 2017 \u00e0 Toronto. Il a pr\u00e9c\u00e9demment travaill\u00e9 au si\u00e8ge social de la LNH \u00e0 New York, au sein du d\u00e9partement \u00c9v\u00e9nements et divertissements, ainsi qu'au sein de l'agence de gestion sportive Goal Group of Companies. Il consacre b\u00e9n\u00e9volement son temps \u00e0 la communaut\u00e9 de Calgary en copr\u00e9sidant plusieurs \u00e9v\u00e9nements chaque ann\u00e9e. Il a \u00e9t\u00e9 directeur du conseil communautaire de TELUS, de KidSport Calgary, de SaskPower et de Canada 150 Gives Back. Il si\u00e8ge actuellement au conseil d'administration de MacuMira Medical Device Inc., du Panth\u00e9on des sports canadiens, de la Fondation canadienne de l'athl\u00e9tisme (U Sports) et du conseil d'administration de l'athl\u00e9tisme des Huskies de l'Universit\u00e9 de Saskatchewan, et est ambassadeur de Veterans' House Canada.<\/p><p>Andy a re\u00e7u la M\u00e9daille du jubil\u00e9 de diamant de la reine Elizabeth II, le prix Canada's Top 40 Under 40, le prix Alberta's 50 Most Influential People, le prix Calgary's Top 40 Under 40 et le prix University of Saskatchewan Young Alumni Award. Business in Calgary l'a d\u00e9sign\u00e9 comme l'un des leaders de demain de Calgary.<\/p><p>Andy est dipl\u00f4m\u00e9 de l'Universit\u00e9 de Saskatchewan, o\u00f9 il a jou\u00e9 dans l'\u00e9quipe masculine de football. Andy vit \u00e0 Calgary avec sa femme Camille et ses deux fils, Jack et Max.<\/p>\t\t\t\t\t\t\t\t<\/div>\n\t\t\t\t<\/div>\n\t\t\t\t\t<\/div>\n\t\t<\/div>\n\t\t\t\t\t<\/div>\n\t\t<\/section>\n\t\t\t\t<section class=\"elementor-section elementor-top-section elementor-element elementor-element-a48d6e1 elementor-section-boxed elementor-section-height-default elementor-section-height-default wpr-particle-no wpr-jarallax-no wpr-parallax-no wpr-sticky-section-no\" data-id=\"a48d6e1\" data-element_type=\"section\" data-settings=\"{&quot;background_background&quot;:&quot;classic&quot;}\">\n\t\t\t\t\t\t<div class=\"elementor-container elementor-column-gap-wider\">\n\t\t\t\t\t<div class=\"elementor-column elementor-col-50 elementor-top-column elementor-element elementor-element-8f6e9dc\" data-id=\"8f6e9dc\" data-element_type=\"column\">\n\t\t\t<div class=\"elementor-widget-wrap elementor-element-populated\">\n\t\t\t\t\t\t<div class=\"elementor-element elementor-element-01d8f83 elementor-widget elementor-widget-image\" data-id=\"01d8f83\" data-element_type=\"widget\" data-widget_type=\"image.default\">\n\t\t\t\t<div class=\"elementor-widget-container\">\n\t\t\t\t\t\t\t\t\t\t\t\t\t\t\t<img loading=\"lazy\" decoding=\"async\" width=\"707\" height=\"769\" src=\"https:\/\/foundation.canadasoccer.com\/wp-content\/uploads\/2025\/08\/Blair-1.jpg\" class=\"attachment-large size-large wp-image-34308\" alt=\"\" srcset=\"https:\/\/foundation.canadasoccer.com\/wp-content\/uploads\/2025\/08\/Blair-1.jpg 707w, https:\/\/foundation.canadasoccer.com\/wp-content\/uploads\/2025\/08\/Blair-1-276x300.jpg 276w, https:\/\/foundation.canadasoccer.com\/wp-content\/uploads\/2025\/08\/Blair-1-11x12.jpg 11w\" sizes=\"(max-width: 707px) 100vw, 707px\" \/>\t\t\t\t\t\t\t\t\t\t\t\t\t\t\t<\/div>\n\t\t\t\t<\/div>\n\t\t\t\t\t<\/div>\n\t\t<\/div>\n\t\t\t\t<div class=\"elementor-column elementor-col-50 elementor-top-column elementor-element elementor-element-88b8930\" data-id=\"88b8930\" data-element_type=\"column\">\n\t\t\t<div class=\"elementor-widget-wrap elementor-element-populated\">\n\t\t\t\t\t\t<div class=\"elementor-element elementor-element-677e2ab elementor-widget elementor-widget-text-editor\" data-id=\"677e2ab\" data-element_type=\"widget\" id=\"lowther\" data-widget_type=\"text-editor.default\">\n\t\t\t\t<div class=\"elementor-widget-container\">\n\t\t\t\t\t\t\t\t\t<h3>Blair Lowther<\/h3>\t\t\t\t\t\t\t\t<\/div>\n\t\t\t\t<\/div>\n\t\t\t\t<div class=\"elementor-element elementor-element-601332c elementor-widget elementor-widget-text-editor\" data-id=\"601332c\" data-element_type=\"widget\" data-widget_type=\"text-editor.default\">\n\t\t\t\t<div class=\"elementor-widget-container\">\n\t\t\t\t\t\t\t\t\t<p>Blair est actuellement directeur juridique et responsable des relations gouvernementales au Vancouver Rise FC, un club de football f\u00e9minin professionnel bas\u00e9 \u00e0 Vancouver et membre fondateur de la Northern Super League, la premi\u00e8re division f\u00e9minine canadienne. Au Vancouver Rise FC, Blair a particip\u00e9 activement \u00e0 la cr\u00e9ation du club et a contribu\u00e9 \u00e0 l'\u00e9laboration des r\u00e8gles de la ligue, des accords commerciaux, des baux des stades et de la strat\u00e9gie en mati\u00e8re de relations gouvernementales.<\/p><p>Avant de rejoindre le Vancouver Rise FC, Blair a exerc\u00e9 le droit des soci\u00e9t\u00e9s dans l'un des plus grands cabinets d'avocats nationaux du Canada, o\u00f9 il a conseill\u00e9 des soci\u00e9t\u00e9s cot\u00e9es \u00e0 la Bourse de New York, au Nasdaq, \u00e0 la Bourse de Toronto, \u00e0 la Bourse de croissance TSX et \u00e0 la Bourse canadienne des valeurs mobili\u00e8res. Il s'est sp\u00e9cialis\u00e9 dans le financement des entreprises, la r\u00e9glementation des valeurs mobili\u00e8res, les fusions et acquisitions et les questions de gouvernance.<\/p><p>Outre sa carri\u00e8re juridique, Blair poss\u00e8de une solide exp\u00e9rience dans la gouvernance sportive et le service communautaire. Il a \u00e9t\u00e9 pr\u00e9sident de Sport BC pendant cinq ans et directeur pendant huit ans, contribuant \u00e0 l'avancement du sport amateur dans toute la province. Il a \u00e9galement \u00e9t\u00e9 pendant huit ans directeur de Canada SCORES, un organisme caritatif national de d\u00e9veloppement de la jeunesse qui soutient les jeunes vuln\u00e9rables par le biais du football, de la po\u00e9sie et du service communautaire.<\/p><p>L'exp\u00e9rience diversifi\u00e9e de Blair dans les domaines du droit, du sport et du leadership communautaire refl\u00e8te son engagement profond en faveur de la promotion du sport professionnel et amateur et de l'impact significatif sur la communaut\u00e9. Blair est titulaire d'une licence \u00e8s arts (BA) et d'un doctorat en droit (JD) de l'Universit\u00e9 de Colombie-Britannique et est membre du Barreau de Colombie-Britannique depuis 2010.<\/p>\t\t\t\t\t\t\t\t<\/div>\n\t\t\t\t<\/div>\n\t\t\t\t\t<\/div>\n\t\t<\/div>\n\t\t\t\t\t<\/div>\n\t\t<\/section>\n\t\t\t\t<section class=\"elementor-section elementor-top-section elementor-element elementor-element-a1e89cc elementor-section-boxed elementor-section-height-default elementor-section-height-default wpr-particle-no wpr-jarallax-no wpr-parallax-no wpr-sticky-section-no\" data-id=\"a1e89cc\" data-element_type=\"section\" data-settings=\"{&quot;background_background&quot;:&quot;classic&quot;}\">\n\t\t\t\t\t\t<div class=\"elementor-container elementor-column-gap-wider\">\n\t\t\t\t\t<div class=\"elementor-column elementor-col-50 elementor-top-column elementor-element elementor-element-6a08f2d\" data-id=\"6a08f2d\" data-element_type=\"column\">\n\t\t\t<div class=\"elementor-widget-wrap elementor-element-populated\">\n\t\t\t\t\t\t<div class=\"elementor-element elementor-element-289ea4e elementor-widget elementor-widget-image\" data-id=\"289ea4e\" data-element_type=\"widget\" data-widget_type=\"image.default\">\n\t\t\t\t<div class=\"elementor-widget-container\">\n\t\t\t\t\t\t\t\t\t\t\t\t\t\t\t<img loading=\"lazy\" decoding=\"async\" width=\"707\" height=\"769\" src=\"https:\/\/foundation.canadasoccer.com\/wp-content\/uploads\/2025\/09\/Bob-2.jpg\" class=\"attachment-large size-large wp-image-34337\" alt=\"\" srcset=\"https:\/\/foundation.canadasoccer.com\/wp-content\/uploads\/2025\/09\/Bob-2.jpg 707w, https:\/\/foundation.canadasoccer.com\/wp-content\/uploads\/2025\/09\/Bob-2-276x300.jpg 276w, https:\/\/foundation.canadasoccer.com\/wp-content\/uploads\/2025\/09\/Bob-2-11x12.jpg 11w\" sizes=\"(max-width: 707px) 100vw, 707px\" \/>\t\t\t\t\t\t\t\t\t\t\t\t\t\t\t<\/div>\n\t\t\t\t<\/div>\n\t\t\t\t\t<\/div>\n\t\t<\/div>\n\t\t\t\t<div class=\"elementor-column elementor-col-50 elementor-top-column elementor-element elementor-element-ad3a04d\" data-id=\"ad3a04d\" data-element_type=\"column\">\n\t\t\t<div class=\"elementor-widget-wrap elementor-element-populated\">\n\t\t\t\t\t\t<div class=\"elementor-element elementor-element-f91c838 elementor-widget elementor-widget-text-editor\" data-id=\"f91c838\" data-element_type=\"widget\" id=\"lenarduzzi\" data-widget_type=\"text-editor.default\">\n\t\t\t\t<div class=\"elementor-widget-container\">\n\t\t\t\t\t\t\t\t\t<h3>Bob Lenarduzzi<\/h3>\t\t\t\t\t\t\t\t<\/div>\n\t\t\t\t<\/div>\n\t\t\t\t<div class=\"elementor-element elementor-element-e2e5af2 elementor-widget elementor-widget-text-editor\" data-id=\"e2e5af2\" data-element_type=\"widget\" data-widget_type=\"text-editor.default\">\n\t\t\t\t<div class=\"elementor-widget-container\">\n\t\t\t\t\t\t\t\t\t<p>Bob Lenarduzzi est une figure embl\u00e9matique du soccer canadien depuis plus de 50 ans, en tant que joueur, entra\u00eeneur, dirigeant et ambassadeur. Il a laiss\u00e9 une empreinte in\u00e9gal\u00e9e dans sa ville natale de Vancouver.<\/p><p><strong>Sa carri\u00e8re de joueur<\/strong>:<\/p><ul><li>Il a jou\u00e9 pour les Whitecaps de Vancouver de 1974 \u00e0 1984, \u00e9tablissant un record de 312 apparitions dans la Ligue nord-am\u00e9ricaine de soccer (NASL).<\/li><li>Nomm\u00e9 joueur nord-am\u00e9ricain de l'ann\u00e9e de la NASL en 1978, il est le seul Canadien \u00e0 avoir re\u00e7u cet honneur.<\/li><li>Il a largement contribu\u00e9 au titre de champion du Soccer Bowl remport\u00e9 par les Whitecaps en 1979, le seul titre nord-am\u00e9ricain de Vancouver.<\/li><li>Il a disput\u00e9 47 matchs internationaux avec le Canada et a aid\u00e9 l'\u00e9quipe \u00e0 se qualifier pour les Jeux olympiques de 1984 et la Coupe du monde de la FIFA de 1986.<\/li><\/ul><p><strong>Entra\u00eenement et leadership<\/strong>:<\/p><ul><li>Joueur-entra\u00eeneur des Vancouver 86ers, il a remport\u00e9 quatre championnats cons\u00e9cutifs de la Ligue canadienne de soccer (CSL).<\/li><li>Entra\u00eeneur-chef de l'\u00e9quipe nationale masculine canadienne (1992-1997).<\/li><li>Nomm\u00e9 deux fois entra\u00eeneur de l'ann\u00e9e de la CSL.<\/li><\/ul><p><strong>Impact en tant que dirigeant et ambassadeur<\/strong>:<\/p><ul><li>Il a occup\u00e9 des postes cl\u00e9s, notamment ceux de directeur g\u00e9n\u00e9ral, de directeur des op\u00e9rations soccer et de pr\u00e9sident du Whitecaps FC.<\/li><li>A men\u00e9 avec succ\u00e8s la candidature du club pour rejoindre la Major League Soccer (MLS), lanc\u00e9e en 2011.<\/li><li>Apporte au football sa notori\u00e9t\u00e9 nationale, son pouvoir de mentorat et un r\u00e9seau civique et entrepreneurial de confiance.<\/li><\/ul><p><strong>Reconnaissance<\/strong>:<\/p><ul><li>Intronis\u00e9 dans quatre temples de la renomm\u00e9e du soccer : Canadian Soccer, North American Soccer, BC Sports et United Soccer Leagues.<\/li><li>Nomm\u00e9 parmi les 30 meilleurs joueurs du XXe si\u00e8cle de la CONCACAF.<\/li><li>R\u00e9cipiendaire de l'Ordre de la Colombie-Britannique (2005).<\/li><li>Nomm\u00e9 dirigeant de l'ann\u00e9e de l'USL (2000).<\/li><\/ul><p>Aujourd'hui, Bob est agent de liaison pour le Whitecaps FC, un puissant connecteur, mentor et d\u00e9fenseur de l'avenir du soccer canadien.<\/p>\t\t\t\t\t\t\t\t<\/div>\n\t\t\t\t<\/div>\n\t\t\t\t\t<\/div>\n\t\t<\/div>\n\t\t\t\t\t<\/div>\n\t\t<\/section>\n\t\t\t\t<section class=\"elementor-section elementor-top-section elementor-element elementor-element-84f71d6 elementor-section-boxed elementor-section-height-default elementor-section-height-default wpr-particle-no wpr-jarallax-no wpr-parallax-no wpr-sticky-section-no\" data-id=\"84f71d6\" data-element_type=\"section\" data-settings=\"{&quot;background_background&quot;:&quot;classic&quot;}\">\n\t\t\t\t\t\t<div class=\"elementor-container elementor-column-gap-wider\">\n\t\t\t\t\t<div class=\"elementor-column elementor-col-50 elementor-top-column elementor-element elementor-element-a5027fc\" data-id=\"a5027fc\" data-element_type=\"column\">\n\t\t\t<div class=\"elementor-widget-wrap elementor-element-populated\">\n\t\t\t\t\t\t<div class=\"elementor-element elementor-element-d1d97f2 elementor-widget elementor-widget-image\" data-id=\"d1d97f2\" data-element_type=\"widget\" data-widget_type=\"image.default\">\n\t\t\t\t<div class=\"elementor-widget-container\">\n\t\t\t\t\t\t\t\t\t\t\t\t\t\t\t<img loading=\"lazy\" decoding=\"async\" width=\"707\" height=\"769\" src=\"https:\/\/foundation.canadasoccer.com\/wp-content\/uploads\/2025\/09\/Doug-2.jpg\" class=\"attachment-large size-large wp-image-34333\" alt=\"\" srcset=\"https:\/\/foundation.canadasoccer.com\/wp-content\/uploads\/2025\/09\/Doug-2.jpg 707w, https:\/\/foundation.canadasoccer.com\/wp-content\/uploads\/2025\/09\/Doug-2-276x300.jpg 276w, https:\/\/foundation.canadasoccer.com\/wp-content\/uploads\/2025\/09\/Doug-2-11x12.jpg 11w\" sizes=\"(max-width: 707px) 100vw, 707px\" \/>\t\t\t\t\t\t\t\t\t\t\t\t\t\t\t<\/div>\n\t\t\t\t<\/div>\n\t\t\t\t\t<\/div>\n\t\t<\/div>\n\t\t\t\t<div class=\"elementor-column elementor-col-50 elementor-top-column elementor-element elementor-element-0eb918e\" data-id=\"0eb918e\" data-element_type=\"column\">\n\t\t\t<div class=\"elementor-widget-wrap elementor-element-populated\">\n\t\t\t\t\t\t<div class=\"elementor-element elementor-element-878fb70 elementor-widget elementor-widget-text-editor\" data-id=\"878fb70\" data-element_type=\"widget\" id=\"guzman\" data-widget_type=\"text-editor.default\">\n\t\t\t\t<div class=\"elementor-widget-container\">\n\t\t\t\t\t\t\t\t\t<h3>Doug Guzman<\/h3>\t\t\t\t\t\t\t\t<\/div>\n\t\t\t\t<\/div>\n\t\t\t\t<div class=\"elementor-element elementor-element-0473c4f elementor-widget elementor-widget-text-editor\" data-id=\"0473c4f\" data-element_type=\"widget\" data-widget_type=\"text-editor.default\">\n\t\t\t\t<div class=\"elementor-widget-container\">\n\t\t\t\t\t\t\t\t\t<p>\u00c0 titre de PDG de l\u2019Agence de l\u2019investissement pour la d\u00e9fense (AID) du Canada, M. Guzman dirige la prise de d\u00e9cision strat\u00e9gique et l\u2019implantation de cette nouvelle agence qui viendra acc\u00e9l\u00e9rer l\u2019approvisionnement en d\u00e9fense et livrer de meilleures capacit\u00e9s aux Forces arm\u00e9es canadiennes et \u00e0 la Garde c\u00f4ti\u00e8re du Canada, renfor\u00e7ant ainsi la souverainet\u00e9 du Canada, soutenant les capacit\u00e9s industrielles canadiennes qui sont importantes sur le plan strat\u00e9gique et consolidant les partenariats avec les alli\u00e9s en mati\u00e8re de d\u00e9fense.<\/p><p>Avant son entr\u00e9e en poste \u00e0 l\u2019AID, M. Guzman a agi comme vice-pr\u00e9sident de la Banque royale du Canada (RBC). \u00c0 titre de membre du groupe de direction de RBC, il a travaill\u00e9 avec d\u2019autres dirigeants pour \u00e9tablir l\u2019orientation strat\u00e9gique d\u2019ensemble de la banque. Il a auparavant occup\u00e9 pendant neuf ans le poste de chef de groupe de la gestion de patrimoine et d\u2019assurance avec RBC, dirigeant alors les entreprises de gestion de patrimoine de la banque \u2013 ce qui comprenait la gestion d\u2019actifs, les services fiduciaires et l\u2019assurance \u2013 et supervisant le secteur des assurances chez RBC.<\/p><p>M. Guzman s\u2019est joint \u00e0 RBC en 2005 en tant que directeur g\u00e9n\u00e9ral et chef des services mondiaux de banque d\u2019investissement pour RBC March\u00e9s des Capitaux. Dans ce r\u00f4le, il avait la responsabilit\u00e9 de superviser les \u00e9quipes des services de banque d\u2019investissement de la firme \u00e0 l\u2019\u00e9chelle mondiale ainsi que le service de financement municipal aux \u00c9tats-Unis. Avant de rejoindre les rangs de RBC, il a \u00e9t\u00e9 directeur g\u00e9n\u00e9ral chez Goldman Sachs \u00e0 New York et \u00e0 Toronto, o\u00f9 il a codirig\u00e9 l\u2019unit\u00e9 li\u00e9e au secteur mondial des mines et des m\u00e9taux ainsi que l\u2019unit\u00e9 li\u00e9e aux services de banque d\u2019investissement au Canada.<\/p><p>Outre sa carri\u00e8re dans le secteur bancaire, M. Guzman a occup\u00e9 des postes de direction dans les secteurs public et universitaire \u00e0 titre de pr\u00e9sident du conseil consultatif de la Ivey Business School de l\u2019Universit\u00e9 Western et membre des conseils d\u2019administration de la Fondation de l\u2019H\u00f4pital St. Michael\u2019s et de la Fondation Canada Soccer.<\/p><p>M. Guzman est titulaire d\u2019un baccalaur\u00e9at en administration des affaires (avec distinction) de la Ivey Business School de l\u2019Universit\u00e9 Western et d\u2019une ma\u00eetrise en administration des affaires de la Harvard Business School. Il vit \u00e0 Toronto avec son \u00e9pouse Sheila, avec qui il a deux enfants d\u2019\u00e2ge adulte.<\/p>\t\t\t\t\t\t\t\t<\/div>\n\t\t\t\t<\/div>\n\t\t\t\t\t<\/div>\n\t\t<\/div>\n\t\t\t\t\t<\/div>\n\t\t<\/section>\n\t\t\t\t<section class=\"elementor-section elementor-top-section elementor-element elementor-element-43e8f19 elementor-section-boxed elementor-section-height-default elementor-section-height-default wpr-particle-no wpr-jarallax-no wpr-parallax-no wpr-sticky-section-no\" data-id=\"43e8f19\" data-element_type=\"section\" data-settings=\"{&quot;background_background&quot;:&quot;classic&quot;}\">\n\t\t\t\t\t\t<div class=\"elementor-container elementor-column-gap-wider\">\n\t\t\t\t\t<div class=\"elementor-column elementor-col-50 elementor-top-column elementor-element elementor-element-5dca6d4\" data-id=\"5dca6d4\" data-element_type=\"column\">\n\t\t\t<div class=\"elementor-widget-wrap elementor-element-populated\">\n\t\t\t\t\t\t<div class=\"elementor-element elementor-element-853b3ae elementor-widget elementor-widget-image\" data-id=\"853b3ae\" data-element_type=\"widget\" data-widget_type=\"image.default\">\n\t\t\t\t<div class=\"elementor-widget-container\">\n\t\t\t\t\t\t\t\t\t\t\t\t\t\t\t<img loading=\"lazy\" decoding=\"async\" width=\"707\" height=\"769\" src=\"https:\/\/foundation.canadasoccer.com\/wp-content\/uploads\/2025\/09\/Sarah-2.jpg\" class=\"attachment-large size-large wp-image-34335\" alt=\"\" srcset=\"https:\/\/foundation.canadasoccer.com\/wp-content\/uploads\/2025\/09\/Sarah-2.jpg 707w, https:\/\/foundation.canadasoccer.com\/wp-content\/uploads\/2025\/09\/Sarah-2-276x300.jpg 276w, https:\/\/foundation.canadasoccer.com\/wp-content\/uploads\/2025\/09\/Sarah-2-11x12.jpg 11w\" sizes=\"(max-width: 707px) 100vw, 707px\" \/>\t\t\t\t\t\t\t\t\t\t\t\t\t\t\t<\/div>\n\t\t\t\t<\/div>\n\t\t\t\t\t<\/div>\n\t\t<\/div>\n\t\t\t\t<div class=\"elementor-column elementor-col-50 elementor-top-column elementor-element elementor-element-899d8d0\" data-id=\"899d8d0\" data-element_type=\"column\">\n\t\t\t<div class=\"elementor-widget-wrap elementor-element-populated\">\n\t\t\t\t\t\t<div class=\"elementor-element elementor-element-b2b961f elementor-widget elementor-widget-text-editor\" data-id=\"b2b961f\" data-element_type=\"widget\" id=\"jordan\" data-widget_type=\"text-editor.default\">\n\t\t\t\t<div class=\"elementor-widget-container\">\n\t\t\t\t\t\t\t\t\t<h3>Sarah Jordan<\/h3>\t\t\t\t\t\t\t\t<\/div>\n\t\t\t\t<\/div>\n\t\t\t\t<div class=\"elementor-element elementor-element-a74ee66 elementor-widget elementor-widget-text-editor\" data-id=\"a74ee66\" data-element_type=\"widget\" data-widget_type=\"text-editor.default\">\n\t\t\t\t<div class=\"elementor-widget-container\">\n\t\t\t\t\t\t\t\t\t<p>\u00a0Sarah Jordan est une leader transformationnelle motiv\u00e9e par ses objectifs, qui poss\u00e8de une exp\u00e9rience en tant que PDG d'une soci\u00e9t\u00e9 de capital-investissement, cadre bancaire, partenaire strat\u00e9gique et membre de conseil d'administration. Elle poss\u00e8de une expertise approfondie dans les domaines de la vente au d\u00e9tail et des services financiers, de l'exp\u00e9rience client et employ\u00e9, de la cr\u00e9ation de valeur et de la rentabilit\u00e9.<\/p><p>Elle est actuellement associ\u00e9e chez PwC Canada, o\u00f9 elle se sp\u00e9cialise dans les soci\u00e9t\u00e9s de portefeuille du march\u00e9 interm\u00e9diaire et les fonds de capital-investissement. Auparavant, elle \u00e9tait PDG de Mastermind Toys, la plus grande librairie sp\u00e9cialis\u00e9e dans les jouets et les livres pour enfants du pays, o\u00f9 elle a transform\u00e9 le d\u00e9taillant en une r\u00e9f\u00e9rence canadienne en mati\u00e8re de jeux. Elle a notamment men\u00e9 \u00e0 bien une transformation num\u00e9rique, cr\u00e9\u00e9 une gamme de best-sellers sous marque propre et \u00e9lev\u00e9 la marque au rang de culture ax\u00e9e sur les objectifs. Sous sa direction, Mastermind Toys a \u00e9t\u00e9 reconnue comme l'une des entreprises les mieux g\u00e9r\u00e9es au Canada en 2023 et 2022 et a \u00e9t\u00e9 nomm\u00e9e marque canadienne de l'ann\u00e9e en 2022 par le magazine Strategy. Auparavant, elle \u00e9tait vice-pr\u00e9sidente principale, Exp\u00e9rience client et strat\u00e9gie omnicanale, \u00e0 la Banque Scotia, o\u00f9 elle a fait passer la banque de la 5e \u00e0 la 1re place dans les classements d'exp\u00e9rience client. Elle a pass\u00e9 dix ans chez Boston Consulting Group en tant qu'associ\u00e9e, o\u00f9 elle a conseill\u00e9 des entreprises du Fortune 500 sur des transformations \u00e0 grande \u00e9chelle ax\u00e9es sur le client dans le domaine de la vente au d\u00e9tail et des services financiers, ainsi que sur des programmes de changement culturel.<\/p><p>Elle est passionn\u00e9e par l'utilisation de sa plateforme pour r\u00e9aliser des investissements novateurs. Elle est copropri\u00e9taire de l'AFC Toronto, la premi\u00e8re \u00e9quipe professionnelle de football f\u00e9minin de la ville. Elle est \u00e9galement investisseuse dans Rawcology, Dough Parlour et Wellness Monster. Elle est membre du conseil d'administration de la Fondation Ingenium (Mus\u00e9es des sciences et de l'innovation du Canada) et de la Fondation du soccer canadien, membre du conseil consultatif de Women Funding Women et membre du cabinet de collecte de fonds de Kids Help Phone. Auparavant, elle a \u00e9t\u00e9 membre du conseil d'administration de la Wawanesa Mutual Insurance Company et a si\u00e9g\u00e9 au Conseil canadien du commerce de d\u00e9tail, \u00e0 l'Association canadienne du jouet et aux conseils consultatifs du MBA de l'Universit\u00e9 Queen's. Elle est titulaire d'un dipl\u00f4me d'ing\u00e9nieur et d'un MBA de l'Universit\u00e9 Queen's.<\/p>\t\t\t\t\t\t\t\t<\/div>\n\t\t\t\t<\/div>\n\t\t\t\t\t<\/div>\n\t\t<\/div>\n\t\t\t\t\t<\/div>\n\t\t<\/section>\n\t\t\t\t<section class=\"elementor-section elementor-top-section elementor-element elementor-element-741a0c5 elementor-section-boxed elementor-section-height-default elementor-section-height-default wpr-particle-no wpr-jarallax-no wpr-parallax-no wpr-sticky-section-no\" data-id=\"741a0c5\" data-element_type=\"section\" data-settings=\"{&quot;background_background&quot;:&quot;classic&quot;}\">\n\t\t\t\t\t\t<div class=\"elementor-container elementor-column-gap-wider\">\n\t\t\t\t\t<div class=\"elementor-column elementor-col-50 elementor-top-column elementor-element elementor-element-72cf735\" data-id=\"72cf735\" data-element_type=\"column\">\n\t\t\t<div class=\"elementor-widget-wrap elementor-element-populated\">\n\t\t\t\t\t\t<div class=\"elementor-element elementor-element-ceea739 elementor-widget elementor-widget-image\" data-id=\"ceea739\" data-element_type=\"widget\" data-widget_type=\"image.default\">\n\t\t\t\t<div class=\"elementor-widget-container\">\n\t\t\t\t\t\t\t\t\t\t\t\t\t\t\t<img loading=\"lazy\" decoding=\"async\" width=\"707\" height=\"769\" src=\"https:\/\/foundation.canadasoccer.com\/wp-content\/uploads\/2025\/09\/Seth.jpg\" class=\"attachment-large size-large wp-image-34342\" alt=\"\" srcset=\"https:\/\/foundation.canadasoccer.com\/wp-content\/uploads\/2025\/09\/Seth.jpg 707w, https:\/\/foundation.canadasoccer.com\/wp-content\/uploads\/2025\/09\/Seth-276x300.jpg 276w, https:\/\/foundation.canadasoccer.com\/wp-content\/uploads\/2025\/09\/Seth-11x12.jpg 11w\" sizes=\"(max-width: 707px) 100vw, 707px\" \/>\t\t\t\t\t\t\t\t\t\t\t\t\t\t\t<\/div>\n\t\t\t\t<\/div>\n\t\t\t\t\t<\/div>\n\t\t<\/div>\n\t\t\t\t<div class=\"elementor-column elementor-col-50 elementor-top-column elementor-element elementor-element-0d3ead0\" data-id=\"0d3ead0\" data-element_type=\"column\">\n\t\t\t<div class=\"elementor-widget-wrap elementor-element-populated\">\n\t\t\t\t\t\t<div class=\"elementor-element elementor-element-684d0ec elementor-widget elementor-widget-text-editor\" data-id=\"684d0ec\" data-element_type=\"widget\" id=\"boro\" data-widget_type=\"text-editor.default\">\n\t\t\t\t<div class=\"elementor-widget-container\">\n\t\t\t\t\t\t\t\t\t<h3>Seth Boro<\/h3>\t\t\t\t\t\t\t\t<\/div>\n\t\t\t\t<\/div>\n\t\t\t\t<div class=\"elementor-element elementor-element-e3118fa elementor-widget elementor-widget-text-editor\" data-id=\"e3118fa\" data-element_type=\"widget\" data-widget_type=\"text-editor.default\">\n\t\t\t\t<div class=\"elementor-widget-container\">\n\t\t\t\t\t\t\t\t\t<p>Seth Boro est associ\u00e9 directeur chez Thoma Bravo. Depuis qu'il a rejoint la soci\u00e9t\u00e9 en 2005, il a jou\u00e9 un r\u00f4le d\u00e9terminant dans la gestion de l'entreprise et a contribu\u00e9 \u00e0 sa croissance et \u00e0 son succ\u00e8s dans le domaine des logiciels et des technologies. Bas\u00e9 \u00e0 San Francisco, Seth dirige la strat\u00e9gie de Thoma Bravo en mati\u00e8re de logiciels d'infrastructure et de cybers\u00e9curit\u00e9. Il si\u00e8ge \u00e9galement aux comit\u00e9s d'investissement de tous les fonds Thoma Bravo et fait actuellement partie des conseils d'administration de<span class=\"TextRun SCXW24928585 BCX2\" lang=\"EN-US\" xml:lang=\"EN-US\" data-contrast=\"auto\"><span class=\"NormalTextRun SCXW24928585 BCX2\">\u202f<\/span><\/span><a class=\"Hyperlink SCXW24928585 BCX2\" href=\"https:\/\/www.thomabravo.com\/companies?id=calabrio\" target=\"_blank\" rel=\"noreferrer noopener\"><span class=\"TextRun Underlined SCXW24928585 BCX2\" lang=\"EN-US\" xml:lang=\"EN-US\" data-contrast=\"none\"><span class=\"NormalTextRun SCXW24928585 BCX2\" data-ccp-charstyle=\"Hyperlink\">Calabrio<\/span><\/span><\/a><span class=\"TextRun SCXW24928585 BCX2\" lang=\"EN-US\" xml:lang=\"EN-US\" data-contrast=\"auto\"><span class=\"NormalTextRun SCXW24928585 BCX2\">,\u202f<\/span><\/span><a class=\"Hyperlink SCXW24928585 BCX2\" href=\"https:\/\/www.thomabravo.com\/companies?id=connectwise\" target=\"_blank\" rel=\"noreferrer noopener\"><span class=\"TextRun Underlined SCXW24928585 BCX2\" lang=\"EN-US\" xml:lang=\"EN-US\" data-contrast=\"none\"><span class=\"NormalTextRun SCXW24928585 BCX2\" data-ccp-charstyle=\"Hyperlink\">ConnectWise<\/span><\/span><\/a><span class=\"TextRun SCXW24928585 BCX2\" lang=\"EN-US\" xml:lang=\"EN-US\" data-contrast=\"auto\"><span class=\"NormalTextRun SCXW24928585 BCX2\">,\u202f<\/span><\/span><a class=\"Hyperlink SCXW24928585 BCX2\" href=\"https:\/\/www.thomabravo.com\/companies?id=darktrace\" target=\"_blank\" rel=\"noreferrer noopener\"><span class=\"TextRun Underlined SCXW24928585 BCX2\" lang=\"EN-US\" xml:lang=\"EN-US\" data-contrast=\"none\"><span class=\"NormalTextRun SCXW24928585 BCX2\" data-ccp-charstyle=\"Hyperlink\">Darktrace<\/span><\/span><\/a><span class=\"TextRun SCXW24928585 BCX2\" lang=\"EN-US\" xml:lang=\"EN-US\" data-contrast=\"auto\"><span class=\"NormalTextRun SCXW24928585 BCX2\">,\u202f<\/span><\/span><a class=\"Hyperlink SCXW24928585 BCX2\" href=\"https:\/\/www.thomabravo.com\/companies?id=flexera\" target=\"_blank\" rel=\"noreferrer noopener\"><span class=\"TextRun Underlined SCXW24928585 BCX2\" lang=\"EN-US\" xml:lang=\"EN-US\" data-contrast=\"none\"><span class=\"NormalTextRun SCXW24928585 BCX2\" data-ccp-charstyle=\"Hyperlink\">Flexera<\/span><\/span><\/a><span class=\"TextRun SCXW24928585 BCX2\" lang=\"EN-US\" xml:lang=\"EN-US\" data-contrast=\"auto\"><span class=\"NormalTextRun SCXW24928585 BCX2\">,\u202f<\/span><\/span><a class=\"Hyperlink SCXW24928585 BCX2\" href=\"https:\/\/www.thomabravo.com\/companies?id=hyland\" target=\"_blank\" rel=\"noreferrer noopener\"><span class=\"TextRun Underlined SCXW24928585 BCX2\" lang=\"EN-US\" xml:lang=\"EN-US\" data-contrast=\"none\"><span class=\"NormalTextRun SCXW24928585 BCX2\" data-ccp-charstyle=\"Hyperlink\">Hyland<\/span><\/span><\/a><span class=\"TextRun SCXW24928585 BCX2\" lang=\"EN-US\" xml:lang=\"EN-US\" data-contrast=\"auto\"><span class=\"NormalTextRun SCXW24928585 BCX2\">,\u202f<\/span><\/span><a class=\"Hyperlink SCXW24928585 BCX2\" href=\"https:\/\/www.thomabravo.com\/companies?id=logrhythm\" target=\"_blank\" rel=\"noreferrer noopener\"><span class=\"TextRun Underlined SCXW24928585 BCX2\" lang=\"EN-US\" xml:lang=\"EN-US\" data-contrast=\"none\"><span class=\"NormalTextRun SCXW24928585 BCX2\" data-ccp-charstyle=\"Hyperlink\">LogRhythm<\/span><\/span><\/a><span class=\"TextRun SCXW24928585 BCX2\" lang=\"EN-US\" xml:lang=\"EN-US\" data-contrast=\"auto\"><span class=\"NormalTextRun SCXW24928585 BCX2\">,\u202f<\/span><\/span><a class=\"Hyperlink SCXW24928585 BCX2\" href=\"https:\/\/www.thomabravo.com\/companies?id=ping\" target=\"_blank\" rel=\"noreferrer noopener\"><span class=\"TextRun Underlined SCXW24928585 BCX2\" lang=\"EN-US\" xml:lang=\"EN-US\" data-contrast=\"none\"><span class=\"NormalTextRun SCXW24928585 BCX2\" data-ccp-charstyle=\"Hyperlink\">Ping Identity<\/span><\/span><\/a><span class=\"TextRun SCXW24928585 BCX2\" lang=\"EN-US\" xml:lang=\"EN-US\" data-contrast=\"auto\"><span class=\"NormalTextRun SCXW24928585 BCX2\">,\u202f<\/span><\/span><a class=\"Hyperlink SCXW24928585 BCX2\" href=\"https:\/\/www.thomabravo.com\/companies?id=proofpoint\" target=\"_blank\" rel=\"noreferrer noopener\"><span class=\"TextRun Underlined SCXW24928585 BCX2\" lang=\"EN-US\" xml:lang=\"EN-US\" data-contrast=\"none\"><span class=\"NormalTextRun SCXW24928585 BCX2\" data-ccp-charstyle=\"Hyperlink\">Proofpoint<\/span><\/span><\/a><span class=\"TextRun SCXW24928585 BCX2\" lang=\"EN-US\" xml:lang=\"EN-US\" data-contrast=\"auto\"><span class=\"NormalTextRun SCXW24928585 BCX2\">,\u202f<\/span><\/span><a class=\"Hyperlink SCXW24928585 BCX2\" href=\"https:\/\/www.thomabravo.com\/companies?id=qlik\" target=\"_blank\" rel=\"noreferrer noopener\"><span class=\"TextRun Underlined SCXW24928585 BCX2\" lang=\"EN-US\" xml:lang=\"EN-US\" data-contrast=\"none\"><span class=\"NormalTextRun SCXW24928585 BCX2\" data-ccp-charstyle=\"Hyperlink\">Qlik<\/span><\/span><\/a><span class=\"TextRun SCXW24928585 BCX2\" lang=\"EN-US\" xml:lang=\"EN-US\" data-contrast=\"auto\"><span class=\"NormalTextRun SCXW24928585 BCX2\">,\u202f<\/span><\/span><a class=\"Hyperlink SCXW24928585 BCX2\" href=\"https:\/\/www.thomabravo.com\/companies?id=sailpoint\" target=\"_blank\" rel=\"noreferrer noopener\"><span class=\"TextRun Underlined SCXW24928585 BCX2\" lang=\"EN-US\" xml:lang=\"EN-US\" data-contrast=\"none\"><span class=\"NormalTextRun SCXW24928585 BCX2\" data-ccp-charstyle=\"Hyperlink\">SailPoint<\/span><\/span><\/a><span class=\"TextRun SCXW24928585 BCX2\" lang=\"EN-US\" xml:lang=\"EN-US\" data-contrast=\"auto\"><span class=\"NormalTextRun SCXW24928585 BCX2\">et<\/span><\/span><a class=\"Hyperlink SCXW24928585 BCX2\" href=\"https:\/\/www.thomabravo.com\/companies?id=sophos\" target=\"_blank\" rel=\"noreferrer noopener\"><span class=\"TextRun Underlined SCXW24928585 BCX2\" lang=\"EN-US\" xml:lang=\"EN-US\" data-contrast=\"none\"><span class=\"NormalTextRun SCXW24928585 BCX2\" data-ccp-charstyle=\"Hyperlink\">Sophos<\/span><\/span><\/a><span class=\"TextRun SCXW24928585 BCX2\" lang=\"EN-US\" xml:lang=\"EN-US\" data-contrast=\"auto\"><span class=\"NormalTextRun SCXW24928585 BCX2\">.<\/span><\/span><span class=\"LineBreakBlob BlobObject DragDrop SCXW24928585 BCX2\"><span class=\"SCXW24928585 BCX2\">\u00a0<\/span><\/span><\/p><p>Au cours de son passage chez Thoma Bravo, Seth a occup\u00e9 plus de 30 si\u00e8ges au sein de conseils d'administration, dirig\u00e9 plus de 15 sorties et aid\u00e9 Thoma Bravo \u00e0 \u00e9tablir l'un des plus grands portefeuilles de cybers\u00e9curit\u00e9 dans le domaine du capital-investissement, repr\u00e9sentant une valeur d'entreprise totale d'environ 60 milliards de dollars.\u202fSeth a \u00e9galement \u00e9t\u00e9 reconnu par le secteur pour les transactions qu'il a men\u00e9es, notamment la vente d'Imperva \u00e0 Thales en 2023 (transaction de capital-investissement de l'ann\u00e9e aux International M&amp;A Awards 2024) et la vente de DigiCert en 2019 (transaction de capital-investissement de l'ann\u00e9e par The Deal).<\/p><p>En plus de ses contributions au secteur du capital-investissement, Seth a fond\u00e9, avec son \u00e9pouse Jen Hamilton, le projet Room to Breathe, qui vise \u00e0 soutenir et \u00e0 am\u00e9liorer la sant\u00e9 mentale et le bien-\u00eatre des jeunes, en mettant particuli\u00e8rement l'accent sur les communaut\u00e9s d\u00e9favoris\u00e9es. Seth est \u00e9galement observateur au conseil d'administration du Bay FC et de la Northern Super League, et si\u00e8ge aux conseils d'administration des S\u00e9nateurs d'Ottawa de la LNH, du Rapid FC d'Ottawa et de la Fondation du soccer canadien.<\/p><p>Originaire du Canada, Seth a obtenu une licence en commerce \u00e0 la Queen's University School of Business, puis un MBA \u00e0 la Stanford University Graduate School of Business. Seth a commenc\u00e9 sa carri\u00e8re en tant qu'analyste chez First Marathon Securities (aujourd'hui Financi\u00e8re Banque Nationale) avant de rejoindre la banque d'investissement Credit Suisse \u00e0 Toronto. Avant de rejoindre Thoma Bravo, Seth faisait partie de l'\u00e9quipe d'investissement de Summit Partners, o\u00f9 il se concentrait sur les investissements en capital-investissement dans les secteurs de la technologie et des services aux entreprises. Compte tenu de sa grande expertise dans les domaines de la technologie et de la cybers\u00e9curit\u00e9, Seth donne r\u00e9guli\u00e8rement son avis sur les tendances, les opportunit\u00e9s et les risques du secteur lors d'interviews dans les m\u00e9dias et lors d'\u00e9v\u00e9nements industriels mondiaux, notamment la Milken Institute Global Conference.<\/p>\t\t\t\t\t\t\t\t<\/div>\n\t\t\t\t<\/div>\n\t\t\t\t\t<\/div>\n\t\t<\/div>\n\t\t\t\t\t<\/div>\n\t\t<\/section>\n\t\t\t\t<section class=\"elementor-section elementor-top-section elementor-element elementor-element-e0a2842 elementor-section-boxed elementor-section-height-default elementor-section-height-default wpr-particle-no wpr-jarallax-no wpr-parallax-no wpr-sticky-section-no\" data-id=\"e0a2842\" data-element_type=\"section\" data-settings=\"{&quot;background_background&quot;:&quot;classic&quot;}\">\n\t\t\t\t\t\t<div class=\"elementor-container elementor-column-gap-wider\">\n\t\t\t\t\t<div class=\"elementor-column elementor-col-50 elementor-top-column elementor-element elementor-element-42852b2\" data-id=\"42852b2\" data-element_type=\"column\">\n\t\t\t<div class=\"elementor-widget-wrap elementor-element-populated\">\n\t\t\t\t\t\t<div class=\"elementor-element elementor-element-d6e1eaf elementor-widget elementor-widget-image\" data-id=\"d6e1eaf\" data-element_type=\"widget\" data-widget_type=\"image.default\">\n\t\t\t\t<div class=\"elementor-widget-container\">\n\t\t\t\t\t\t\t\t\t\t\t\t\t\t\t<img loading=\"lazy\" decoding=\"async\" width=\"707\" height=\"769\" src=\"https:\/\/foundation.canadasoccer.com\/wp-content\/uploads\/2025\/09\/Tara-2.jpg\" class=\"attachment-large size-large wp-image-34336\" alt=\"\" srcset=\"https:\/\/foundation.canadasoccer.com\/wp-content\/uploads\/2025\/09\/Tara-2.jpg 707w, https:\/\/foundation.canadasoccer.com\/wp-content\/uploads\/2025\/09\/Tara-2-276x300.jpg 276w, https:\/\/foundation.canadasoccer.com\/wp-content\/uploads\/2025\/09\/Tara-2-11x12.jpg 11w\" sizes=\"(max-width: 707px) 100vw, 707px\" \/>\t\t\t\t\t\t\t\t\t\t\t\t\t\t\t<\/div>\n\t\t\t\t<\/div>\n\t\t\t\t\t<\/div>\n\t\t<\/div>\n\t\t\t\t<div class=\"elementor-column elementor-col-50 elementor-top-column elementor-element elementor-element-63ab429\" data-id=\"63ab429\" data-element_type=\"column\">\n\t\t\t<div class=\"elementor-widget-wrap elementor-element-populated\">\n\t\t\t\t\t\t<div class=\"elementor-element elementor-element-0a6296e elementor-widget elementor-widget-text-editor\" data-id=\"0a6296e\" data-element_type=\"widget\" id=\"larsen\" data-widget_type=\"text-editor.default\">\n\t\t\t\t<div class=\"elementor-widget-container\">\n\t\t\t\t\t\t\t\t\t<h3>Tara Larsen<\/h3>\t\t\t\t\t\t\t\t<\/div>\n\t\t\t\t<\/div>\n\t\t\t\t<div class=\"elementor-element elementor-element-7965fcf elementor-widget elementor-widget-text-editor\" data-id=\"7965fcf\" data-element_type=\"widget\" data-widget_type=\"text-editor.default\">\n\t\t\t\t<div class=\"elementor-widget-container\">\n\t\t\t\t\t\t\t\t\t<p>Tara est une dirigeante financi\u00e8re et une leader en mati\u00e8re de gouvernance anim\u00e9e par des valeurs, qui se passionne pour le renforcement des organisations et des communaut\u00e9s. En tant que directrice financi\u00e8re de CBCL Limited, elle dirige la planification strat\u00e9gique, les op\u00e9rations financi\u00e8res, la gouvernance et la gestion des risques d'un groupe dynamique d'entreprises.<\/p><p>Avec plus de 15 ans d'exp\u00e9rience au sein de conseils d'administration dans les secteurs public, priv\u00e9 et \u00e0 but non lucratif, Tara apporte une perspective approfondie et \u00e9quilibr\u00e9e \u00e0 la supervision organisationnelle et \u00e0 l'orientation strat\u00e9gique. Comptable professionnelle agr\u00e9\u00e9e et dipl\u00f4m\u00e9e du programme de formation des administrateurs ICD-Rotman (ICD.D), elle si\u00e8ge actuellement \u00e0 plusieurs conseils d'administration, notamment ceux de l'Association canadienne de soccer, de l'Association canadienne pour la sant\u00e9 mentale - Division de la Nouvelle-\u00c9cosse et d'Atlantic Integrated Water Utility Consultants. Ses contributions au sein des conseils d'administration reposent sur une gouvernance solide, une gestion financi\u00e8re rigoureuse et un leadership inclusif.<\/p><p>Tara est reconnue pour son esprit strat\u00e9gique, son approche collaborative et son d\u00e9vouement sans faille \u00e0 cr\u00e9er un impact positif et durable, que ce soit dans les salles de r\u00e9union, sur le terrain ou au sein de la communaut\u00e9.<\/p>\t\t\t\t\t\t\t\t<\/div>\n\t\t\t\t<\/div>\n\t\t\t\t\t<\/div>\n\t\t<\/div>\n\t\t\t\t\t<\/div>\n\t\t<\/section>\n\t\t\t\t<\/div>","protected":false},"excerpt":{"rendered":"<div class=\"tmnf_excerpt\"><p>ABOUT About Us The Canada<\/p>\n<\/div>","protected":false},"author":4,"featured_media":0,"parent":0,"menu_order":0,"comment_status":"closed","ping_status":"closed","template":"elementor_header_footer","meta":{"_bbp_topic_count":0,"_bbp_reply_count":0,"_bbp_total_topic_count":0,"_bbp_total_reply_count":0,"_bbp_voice_count":0,"_bbp_anonymous_reply_count":0,"_bbp_topic_count_hidden":0,"_bbp_reply_count_hidden":0,"_bbp_forum_subforum_count":0,"_coblocks_attr":"","_coblocks_dimensions":"","_coblocks_responsive_height":"","_coblocks_accordion_ie_support":"","footnotes":""},"class_list":["post-34257","page","type-page","status-publish","hentry"],"aioseo_notices":[],"_links":{"self":[{"href":"https:\/\/foundation.canadasoccer.com\/fr\/wp-json\/wp\/v2\/pages\/34257","targetHints":{"allow":["GET"]}}],"collection":[{"href":"https:\/\/foundation.canadasoccer.com\/fr\/wp-json\/wp\/v2\/pages"}],"about":[{"href":"https:\/\/foundation.canadasoccer.com\/fr\/wp-json\/wp\/v2\/types\/page"}],"author":[{"embeddable":true,"href":"https:\/\/foundation.canadasoccer.com\/fr\/wp-json\/wp\/v2\/users\/4"}],"replies":[{"embeddable":true,"href":"https:\/\/foundation.canadasoccer.com\/fr\/wp-json\/wp\/v2\/comments?post=34257"}],"version-history":[{"count":61,"href":"https:\/\/foundation.canadasoccer.com\/fr\/wp-json\/wp\/v2\/pages\/34257\/revisions"}],"predecessor-version":[{"id":34456,"href":"https:\/\/foundation.canadasoccer.com\/fr\/wp-json\/wp\/v2\/pages\/34257\/revisions\/34456"}],"wp:attachment":[{"href":"https:\/\/foundation.canadasoccer.com\/fr\/wp-json\/wp\/v2\/media?parent=34257"}],"curies":[{"name":"wp","href":"https:\/\/api.w.org\/{rel}","templated":true}]}}